{"id":64,"date":"2018-03-09T12:27:20","date_gmt":"2018-03-09T12:27:20","guid":{"rendered":"https:\/\/avid.university\/?page_id=64"},"modified":"2020-11-11T19:15:56","modified_gmt":"2020-11-11T19:15:56","slug":"mc110-media-composer-fundamentals-ii","status":"publish","type":"page","link":"https:\/\/avid.university\/es\/mc110-media-composer-fundamentals-ii\/","title":{"rendered":"MC110 Media Composer Fundamentos II"},"content":{"rendered":"<div class=\"wpb-content-wrapper\"><p>[vc_row el_id=\u00bbindivdl-hd1&#8243;][vc_column][vc_custom_heading text=\u00bbMC110 Media Composer Fundamentos II\u00bb font_container=\u00bbtag:h1|text_align:center\u00bb use_theme_fonts=\u00bbyes\u00bb el_class=\u00bbtxt3&#8243;][\/vc_column][\/vc_row][vc_row el_id=\u00bbcrse-mn\u00bb css=\u00bb.vc_custom_1520592855367{margin-bottom: 40px !important;}\u00bb][vc_column][vc_column_text el_class=\u00bbtxt5&#8243;]DURACI\u00d3N[\/vc_column_text][vc_column_text el_class=\u00bbtxt6&#8243;]Avid aconseja un m\u00ednimo de 24 horas. Esto puede variar seg\u00fan el modelo de formaci\u00f3n escogida online o presencial y sobre todo la experiencia y el tiempo para el estudio. Contacta con nosotros y buscaremos tu mejor opci\u00f3n.[\/vc_column_text][vc_column_text el_class=\u00bbtxt5&#8243;]VISTA PRELIMINAR[\/vc_column_text][vc_column_text el_class=\u00bbtxt6&#8243;]Media Composer Fundamentos II (MC110) est\u00e1 dirigido a editores de v\u00eddeo que entienden los conceptos b\u00e1sicos de las herramientas de edici\u00f3n en Media Composer. Para los que est\u00e1n preparados para seguir adelante y aprender los fundamentos de la creaci\u00f3n de efectos dentro de Avid Media Composer. Es la aplicaci\u00f3n utilizada en la mayor\u00eda de producciones cinematogr\u00e1ficas y televisivas.<\/p>\n<p>Este curso est\u00e1 dise\u00f1ado para que los estudiantes afiancen las habilidades t\u00e9cnicas y de organizaci\u00f3n de un asistente de edici\u00f3n, desarrollar tus habilidades de edici\u00f3n con las herramientas y t\u00e9cnicas necesarias. Desde el uso de t\u00e9cnicas din\u00e1micas de trim para dar forma a las actuaciones del actor en una escena dram\u00e1tica, hasta el montaje r\u00e1pido de noticias para cumplir con los plazos. Este curso permite a los usuarios principiantes llevar sus habilidades de Media Composer al siguiente nivel. Los proyectos de clase y los ejercicios son pr\u00e1cticos, dando a los estudiantes la oportunidad de trabajar en un proyecto documental sin guion, as\u00ed como una escena de comedia con guion.<\/p>\n<p>Este curso proporciona una base s\u00f3lida en las capacidades de efectos de v\u00eddeo de Media Composer y, junto con el curso Media Composer Fundamentals I (MC101), te preparar\u00e1 para obtener la credencial de Avid Certified User: Media Composer.[\/vc_column_text][vc_column_text el_class=\u00bbtxt06a\u00bb]Una vez certificado, tendr\u00e1s la oportunidad de profundizar a\u00fan m\u00e1s en tu experiencia como Media Composer y a\u00f1adir m\u00e1s<br \/>\ncertificaciones de Media Composer. Como el Avid Certified User para Media Composer, (opci\u00f3n de NewsCutter), Avid Certified Professional en Media Composer o incluso un (Avid Certified Support Representaive) ingeniero de soporte certificado de Avid para Media Composer.[\/vc_column_text][\/vc_column][\/vc_row][vc_row][vc_column][vc_single_image image=\u00bb409&#8243; img_size=\u00bbfull\u00bb alignment=\u00bbcenter\u00bb el_class=\u00bbcrs-imgnw1&#8243;][vc_single_image image=\u00bb410&#8243; img_size=\u00bbfull\u00bb alignment=\u00bbcenter\u00bb el_class=\u00bbcrs-imgnw2&#8243;][\/vc_column][\/vc_row][vc_row css=\u00bb.vc_custom_1520592855367{margin-bottom: 40px !important;}\u00bb][vc_column][vc_column_text el_class=\u00bbtxt5&#8243;]DIRIGIDO A:[\/vc_column_text][vc_column_text el_class=\u00bbtxt6&#8243;]Este curso est\u00e1 dise\u00f1ado para:[\/vc_column_text][vc_column_text el_class=\u00bbarrow1&#8243;]<\/p>\n<ul>\n<li>Editores<\/li>\n<li>Asistentes de Editores<\/li>\n<li>Productores multimedia<\/li>\n<\/ul>\n<p>[\/vc_column_text][vc_column_text el_class=\u00bbtxt05&#8243;]PRERREQUISITOS[\/vc_column_text][vc_column_text el_class=\u00bbarrow1&#8243;]<\/p>\n<ul>\n<li>Finalizaci\u00f3n del curso Media Composer Fundamentals I (MC101).<\/li>\n<li>Un conocimiento pr\u00e1ctico de los sistemas operativos Windows o Macintosh.<\/li>\n<li>La experiencia de producci\u00f3n de v\u00eddeo o postproducci\u00f3n es muy recomendable.<\/li>\n<\/ul>\n<p>[\/vc_column_text][vc_column_text el_class=\u00bbtxt05&#8243;]OBJETIVOS DEL CURSO[\/vc_column_text][vc_column_text el_class=\u00bbarrow1&#8243;]<\/p>\n<ul>\n<li>Crear tama\u00f1os de proyectos personalizados, incluso m\u00e1s grandes que HD (2K, 4K, etc.).<\/li>\n<li>Comprender las implicaciones operacionales de trabajar en proyectos de mayor tama\u00f1o que HD.<\/li>\n<li>Vincular media, copiar, consolidar o transcodificar, seg\u00fan sea necesario.<\/li>\n<li>Sincronizar v\u00eddeo y audio de fuentes independientes.<\/li>\n<li>Organizar los bines de proyectos utilizando convenciones comunes de la industria.<\/li>\n<li>Montar r\u00e1pidamente una escena utilizando la edici\u00f3n en base a gui\u00f3n, adem\u00e1s de Top, Tail y Extend.<\/li>\n<li>Utilizar varias herramientas de b\u00fasqueda para localizar el clip deseado.<\/li>\n<li>Crear varias versiones de una secuencia para mejorar el proceso creativo.<\/li>\n<li>Utilizar el trim, una de las mejores herramientas Media Composer para ajustar din\u00e1micamente el ritmo de una escena.<\/li>\n<li>Ajustar la ganancia de clip y utilizar la automatizaci\u00f3n de volumen y pan para crear una mezcla de audio.<\/li>\n<li>Crear estilo de \u201cc\u00e1mara\u201d con pan and zoom, sobre im\u00e1genes fijas o v\u00eddeo.<\/li>\n<li>Resolver problemas comunes de imagen con efectos para estabilizar la imagen, desenfocar caras y logotipos y borrar cortes de saltos no deseados.<\/li>\n<li>Crear efectos de congelaci\u00f3n, efectos de c\u00e1mara lenta y TimeWarp.<\/li>\n<li>Utilizar efectos multicapa para crear pantallas divididas, im\u00e1genes superpuestas y m\u00e1s\u2026<\/li>\n<li>Componer elementos de video utilizando SpectraMatte.<\/li>\n<li>\u201cRenderizar\u201d de manera eficaz, para mejorar el rendimiento de reproducci\u00f3n.<\/li>\n<li>Crear t\u00edtulos animados utilizando NewBlue Titler Pro.<\/li>\n<li>Eliminar selectivamente archivos de render no deseados y as\u00ed mantener los discos de media correctamente.<\/li>\n<li>Entender c\u00f3mo copiar correctamente archivos de proyecto y archivos de media asociados.<\/li>\n<li>Restaurar el trabajo perdido o borrado utilizando la funci\u00f3n de autoguardado.<\/li>\n<li>Enlazar archivos de media.<\/li>\n<li>Resolver problemas t\u00e9cnicos comunes, incluyendo \u00abMedia Offline\u00bb.<\/li>\n<li>Identificar y ajustar \u201cSettings\u201d comunes para aumentar la eficiencia y evitar complicaciones.<\/li>\n<li>Emitir el programa terminado de acuerdo con las normas comunes de distribuci\u00f3n.<\/li>\n<li>Estar preparado para participar en el examen de certificaci\u00f3n asociado.<\/li>\n<\/ul>\n<p>[\/vc_column_text][vc_column_text el_class=\u00bbtxt7&#8243;]BENEFICIOS[\/vc_column_text][vc_column_text el_class=\u00bbtxt06&#8243;]Convertirse en un usuario certificado de Avid para Media Composer te proporciona:[\/vc_column_text][vc_column_text el_class=\u00bbarrow1&#8243;]<\/p>\n<ul>\n<li>Habilidades de usuario y una comprensi\u00f3n firme de los flujos de trabajo y conceptos de edici\u00f3n no lineal en el sistema Avid Media Composer.<\/li>\n<li>Certificaci\u00f3n reconocida a nivel mundial.<\/li>\n<li>Un curr\u00edculum destacado y un uso de la marca Avid. Ya que una vez superada la certificaci\u00f3n te puedes descargar los logotipos de usuario Avid Certified User.<\/li>\n<li>Obtener un certificado de finalizaci\u00f3n<\/li>\n<li>La posibilidad de que tu nombre aparezca en la web de Avid como usuario certificado.<\/li>\n<li>Encontrar personal cualificado para cada proyecto.<\/li>\n<li>Evaluar r\u00e1pidamente el nivel de habilidad del candidato.<\/li>\n<li>Con m\u00e1ximo rendimiento de tus sistemas ahorraras tiempo y dinero.<\/li>\n<\/ul>\n<p>[\/vc_column_text][vc_column_text el_class=\u00bbtxt06a\u00bb]Una vez certificado, tendr\u00e1s la oportunidad de profundizar a\u00fan m\u00e1s en tu experiencia como Media Composer y a\u00f1adir m\u00e1s<br \/>\ncertificaciones de Media Composer. Como el Avid Certified User para Media Composer, (opci\u00f3n de NewsCutter), Avid Certified Professional en Media Composer o incluso un (Avid Certified Support Representaive) ingeniero de soporte certificado de Avid para Media Composer.[\/vc_column_text][vc_column_text css=\u00bb.vc_custom_1520593229053{margin-bottom: 40px !important;}\u00bb]<\/p>\n<div class=\"corse-btn\" style=\"text-align: center;\"><a class=\"btn_2 color_2\" href=\"https:\/\/avid.university\/#frm-nwbg\">Escr\u00edbenos<\/a><\/div>\n<p>[\/vc_column_text][\/vc_column][\/vc_row]<\/p>\n<\/div>","protected":false},"excerpt":{"rendered":"<p>[vc_row el_id=\u00bbindivdl-hd1&#8243;][vc_column][vc_custom_heading text=\u00bbMC110 Media Composer Fundamentos II\u00bb font_container=\u00bbtag:h1|text_align:center\u00bb use_theme_fonts=\u00bbyes\u00bb el_class=\u00bbtxt3&#8243;][\/vc_column][\/vc_row][vc_row el_id=\u00bbcrse-mn\u00bb css=\u00bb.vc_custom_1520592855367{margin-bottom: 40px !important;}\u00bb][vc_column][vc_column_text el_class=\u00bbtxt5&#8243;]DURACI\u00d3N[\/vc_column_text][vc_column_text <\/p>\n<div class=\"txt16\"><a href=\"https:\/\/avid.university\/es\/mc110-media-composer-fundamentals-ii\/\">READ MORE <img decoding=\"async\" src=\"http:\/\/localhost\/doridabka\/images\/rd-arw.jpg\" alt=\"arrw\" class=\"blg-arw\"><\/a><\/div>\n","protected":false},"author":1,"featured_media":0,"parent":0,"menu_order":0,"comment_status":"closed","ping_status":"closed","template":"","meta":{"footnotes":""},"class_list":["post-64","page","type-page","status-publish","hentry"],"yoast_head":"<!-- This site is optimized with the Yoast SEO plugin v25.8 - https:\/\/yoast.com\/wordpress\/plugins\/seo\/ -->\n<title>MC110 Media Composer Fundamentos II - Avid University<\/title>\n<meta name=\"robots\" content=\"index, follow, max-snippet:-1, max-image-preview:large, max-video-preview:-1\" \/>\n<link rel=\"canonical\" href=\"https:\/\/avid.university\/es\/mc110-media-composer-fundamentals-ii\/\" \/>\n<meta property=\"og:locale\" content=\"es_ES\" \/>\n<meta property=\"og:type\" content=\"article\" \/>\n<meta property=\"og:title\" content=\"MC110 Media Composer Fundamentos II - Avid University\" \/>\n<meta property=\"og:description\" content=\"[vc_row el_id=\u00bbindivdl-hd1&#8243;][vc_column][vc_custom_heading text=\u00bbMC110 Media Composer Fundamentos II\u00bb font_container=\u00bbtag:h1|text_align:center\u00bb use_theme_fonts=\u00bbyes\u00bb el_class=\u00bbtxt3&#8243;][\/vc_column][\/vc_row][vc_row el_id=\u00bbcrse-mn\u00bb css=\u00bb.vc_custom_1520592855367{margin-bottom: 40px !important;}\u00bb][vc_column][vc_column_text el_class=\u00bbtxt5&#8243;]DURACI\u00d3N[\/vc_column_text][vc_column_text READ MORE\" \/>\n<meta property=\"og:url\" content=\"https:\/\/avid.university\/es\/mc110-media-composer-fundamentals-ii\/\" \/>\n<meta property=\"og:site_name\" content=\"Avid University\" \/>\n<meta property=\"article:publisher\" content=\"https:\/\/www.facebook.com\/avid.university\" \/>\n<meta property=\"article:modified_time\" content=\"2020-11-11T19:15:56+00:00\" \/>\n<meta name=\"twitter:card\" content=\"summary_large_image\" \/>\n<meta name=\"twitter:site\" content=\"@gabrielcorbella\" \/>\n<meta name=\"twitter:label1\" content=\"Tiempo de lectura\" \/>\n\t<meta name=\"twitter:data1\" content=\"11 minutos\" \/>\n<script type=\"application\/ld+json\" class=\"yoast-schema-graph\">{\"@context\":\"https:\/\/schema.org\",\"@graph\":[{\"@type\":\"WebPage\",\"@id\":\"https:\/\/avid.university\/es\/mc110-media-composer-fundamentals-ii\/\",\"url\":\"https:\/\/avid.university\/es\/mc110-media-composer-fundamentals-ii\/\",\"name\":\"MC110 Media Composer Fundamentos II - Avid University\",\"isPartOf\":{\"@id\":\"https:\/\/avid.university\/es\/#website\"},\"datePublished\":\"2018-03-09T12:27:20+00:00\",\"dateModified\":\"2020-11-11T19:15:56+00:00\",\"breadcrumb\":{\"@id\":\"https:\/\/avid.university\/es\/mc110-media-composer-fundamentals-ii\/#breadcrumb\"},\"inLanguage\":\"es\",\"potentialAction\":[{\"@type\":\"ReadAction\",\"target\":[\"https:\/\/avid.university\/es\/mc110-media-composer-fundamentals-ii\/\"]}]},{\"@type\":\"BreadcrumbList\",\"@id\":\"https:\/\/avid.university\/es\/mc110-media-composer-fundamentals-ii\/#breadcrumb\",\"itemListElement\":[{\"@type\":\"ListItem\",\"position\":1,\"name\":\"Portada\",\"item\":\"https:\/\/avid.university\/\"},{\"@type\":\"ListItem\",\"position\":2,\"name\":\"MC110 Media Composer Fundamentals II\"}]},{\"@type\":\"WebSite\",\"@id\":\"https:\/\/avid.university\/es\/#website\",\"url\":\"https:\/\/avid.university\/es\/\",\"name\":\"Avid University\",\"description\":\"\",\"publisher\":{\"@id\":\"https:\/\/avid.university\/es\/#organization\"},\"potentialAction\":[{\"@type\":\"SearchAction\",\"target\":{\"@type\":\"EntryPoint\",\"urlTemplate\":\"https:\/\/avid.university\/es\/?s={search_term_string}\"},\"query-input\":{\"@type\":\"PropertyValueSpecification\",\"valueRequired\":true,\"valueName\":\"search_term_string\"}}],\"inLanguage\":\"es\"},{\"@type\":\"Organization\",\"@id\":\"https:\/\/avid.university\/es\/#organization\",\"name\":\"avid.university\",\"url\":\"https:\/\/avid.university\/es\/\",\"logo\":{\"@type\":\"ImageObject\",\"inLanguage\":\"es\",\"@id\":\"https:\/\/avid.university\/es\/#\/schema\/logo\/image\/\",\"url\":\"https:\/\/avid.university\/wp-content\/uploads\/2020\/04\/logope.png\",\"contentUrl\":\"https:\/\/avid.university\/wp-content\/uploads\/2020\/04\/logope.png\",\"width\":372,\"height\":372,\"caption\":\"avid.university\"},\"image\":{\"@id\":\"https:\/\/avid.university\/es\/#\/schema\/logo\/image\/\"},\"sameAs\":[\"https:\/\/www.facebook.com\/avid.university\",\"https:\/\/x.com\/gabrielcorbella\",\"https:\/\/twitter.com\/aviduniversity\",\"https:\/\/www.linkedin.com\/in\/gabriel-corbella-eguiluz-b6153299\/\"]}]}<\/script>\n<!-- \/ Yoast SEO plugin. -->","yoast_head_json":{"title":"MC110 Media Composer Fundamentos II - Avid University","robots":{"index":"index","follow":"follow","max-snippet":"max-snippet:-1","max-image-preview":"max-image-preview:large","max-video-preview":"max-video-preview:-1"},"canonical":"https:\/\/avid.university\/es\/mc110-media-composer-fundamentals-ii\/","og_locale":"es_ES","og_type":"article","og_title":"MC110 Media Composer Fundamentos II - Avid University","og_description":"[vc_row el_id=\u00bbindivdl-hd1&#8243;][vc_column][vc_custom_heading text=\u00bbMC110 Media Composer Fundamentos II\u00bb font_container=\u00bbtag:h1|text_align:center\u00bb use_theme_fonts=\u00bbyes\u00bb el_class=\u00bbtxt3&#8243;][\/vc_column][\/vc_row][vc_row el_id=\u00bbcrse-mn\u00bb css=\u00bb.vc_custom_1520592855367{margin-bottom: 40px !important;}\u00bb][vc_column][vc_column_text el_class=\u00bbtxt5&#8243;]DURACI\u00d3N[\/vc_column_text][vc_column_text READ MORE","og_url":"https:\/\/avid.university\/es\/mc110-media-composer-fundamentals-ii\/","og_site_name":"Avid University","article_publisher":"https:\/\/www.facebook.com\/avid.university","article_modified_time":"2020-11-11T19:15:56+00:00","twitter_card":"summary_large_image","twitter_site":"@gabrielcorbella","twitter_misc":{"Tiempo de lectura":"11 minutos"},"schema":{"@context":"https:\/\/schema.org","@graph":[{"@type":"WebPage","@id":"https:\/\/avid.university\/es\/mc110-media-composer-fundamentals-ii\/","url":"https:\/\/avid.university\/es\/mc110-media-composer-fundamentals-ii\/","name":"MC110 Media Composer Fundamentos II - Avid University","isPartOf":{"@id":"https:\/\/avid.university\/es\/#website"},"datePublished":"2018-03-09T12:27:20+00:00","dateModified":"2020-11-11T19:15:56+00:00","breadcrumb":{"@id":"https:\/\/avid.university\/es\/mc110-media-composer-fundamentals-ii\/#breadcrumb"},"inLanguage":"es","potentialAction":[{"@type":"ReadAction","target":["https:\/\/avid.university\/es\/mc110-media-composer-fundamentals-ii\/"]}]},{"@type":"BreadcrumbList","@id":"https:\/\/avid.university\/es\/mc110-media-composer-fundamentals-ii\/#breadcrumb","itemListElement":[{"@type":"ListItem","position":1,"name":"Portada","item":"https:\/\/avid.university\/"},{"@type":"ListItem","position":2,"name":"MC110 Media Composer Fundamentals II"}]},{"@type":"WebSite","@id":"https:\/\/avid.university\/es\/#website","url":"https:\/\/avid.university\/es\/","name":"Avid University","description":"","publisher":{"@id":"https:\/\/avid.university\/es\/#organization"},"potentialAction":[{"@type":"SearchAction","target":{"@type":"EntryPoint","urlTemplate":"https:\/\/avid.university\/es\/?s={search_term_string}"},"query-input":{"@type":"PropertyValueSpecification","valueRequired":true,"valueName":"search_term_string"}}],"inLanguage":"es"},{"@type":"Organization","@id":"https:\/\/avid.university\/es\/#organization","name":"avid.university","url":"https:\/\/avid.university\/es\/","logo":{"@type":"ImageObject","inLanguage":"es","@id":"https:\/\/avid.university\/es\/#\/schema\/logo\/image\/","url":"https:\/\/avid.university\/wp-content\/uploads\/2020\/04\/logope.png","contentUrl":"https:\/\/avid.university\/wp-content\/uploads\/2020\/04\/logope.png","width":372,"height":372,"caption":"avid.university"},"image":{"@id":"https:\/\/avid.university\/es\/#\/schema\/logo\/image\/"},"sameAs":["https:\/\/www.facebook.com\/avid.university","https:\/\/x.com\/gabrielcorbella","https:\/\/twitter.com\/aviduniversity","https:\/\/www.linkedin.com\/in\/gabriel-corbella-eguiluz-b6153299\/"]}]}},"_links":{"self":[{"href":"https:\/\/avid.university\/es\/wp-json\/wp\/v2\/pages\/64","targetHints":{"allow":["GET"]}}],"collection":[{"href":"https:\/\/avid.university\/es\/wp-json\/wp\/v2\/pages"}],"about":[{"href":"https:\/\/avid.university\/es\/wp-json\/wp\/v2\/types\/page"}],"author":[{"embeddable":true,"href":"https:\/\/avid.university\/es\/wp-json\/wp\/v2\/users\/1"}],"replies":[{"embeddable":true,"href":"https:\/\/avid.university\/es\/wp-json\/wp\/v2\/comments?post=64"}],"version-history":[{"count":6,"href":"https:\/\/avid.university\/es\/wp-json\/wp\/v2\/pages\/64\/revisions"}],"predecessor-version":[{"id":412,"href":"https:\/\/avid.university\/es\/wp-json\/wp\/v2\/pages\/64\/revisions\/412"}],"wp:attachment":[{"href":"https:\/\/avid.university\/es\/wp-json\/wp\/v2\/media?parent=64"}],"curies":[{"name":"wp","href":"https:\/\/api.w.org\/{rel}","templated":true}]}}